{"id":4997,"date":"2025-12-01T09:06:43","date_gmt":"2025-12-01T09:06:43","guid":{"rendered":"https:\/\/senas.marketamine.ch\/?post_type=product&#038;p=4997"},"modified":"2025-12-17T13:31:28","modified_gmt":"2025-12-17T13:31:28","slug":"hundegeschirr-weinrot","status":"publish","type":"product","link":"https:\/\/senas.ch\/de\/boutique\/hundegeschirr-weinrot\/","title":{"rendered":"Hundegeschirr weinrot"},"content":{"rendered":"<p>Das perfekte Geschirr f\u00fcr allt\u00e4gliche Spazierg\u00e4nge und sch\u00f6ne Outdoor-Abenteuer.<\/p>\n<p>Zwei D-Ring-Befestigungspunkte \u2013 einer auf der Brust und einer auf dem R\u00fccken \u2013 bietet die Optionen, wie dein Hund am besten gef\u00fchrt werden soll. Der obere Griff erm\u00f6glicht es dir, dein Hund zu f\u00fchren und festzuhalten, der untere ihn bei Bedarf in der N\u00e4he zu behalten N\u00e4he zu behalten. Zwei reflektierende Stoffstreifen umranden den Griff und bieten nachts etwas Sichtbarkeit. Der K\u00f6rper besteht aus einem leichten Mesh-Gewebe; atmungsaktiv und super bequem f\u00fcr lange Tage, das ganze Jahr \u00fcber!<\/p>\n<p>Gr\u00f6ssentabelle:<\/p>\n<p><img fetchpriority=\"high\" decoding=\"async\" class=\"\" src=\"https:\/\/cdn.shopify.com\/s\/files\/1\/1064\/6998\/files\/harn-size-guide-2025-r2.png?v=1756830381\" alt=\"Diagramm eines Hundes, das zeigt, wo Brust und Hals f\u00fcr das Hundegeschirr gemessen werden k\u00f6nnen, mit einer Gr\u00f6\u00dfentabelle f\u00fcr kleine, mittlere und gro\u00dfe Gr\u00f6\u00dfen, einschlie\u00dflich Brust- und Halsmessbereiche in Zoll und Zentimetern.\" width=\"371\" height=\"530\" \/><\/p>\n","protected":false},"excerpt":{"rendered":"<p>Das perfekte Geschirr f\u00fcr allt\u00e4gliche Spazierg\u00e4nge und sch\u00f6ne Outdoor-Abenteuer in knalligem pink.<\/p>\n","protected":false},"featured_media":5006,"comment_status":"closed","ping_status":"closed","template":"","meta":{"inline_featured_image":false},"product_brand":[360],"product_cat":[179],"product_tag":[],"class_list":{"0":"post-4997","1":"product","2":"type-product","3":"status-publish","4":"has-post-thumbnail","6":"product_brand-wilderdog","7":"product_cat-zubeheor","8":"pa_couleur-pink","9":"pa_phase-de-vie-erwachsen","10":"pa_phase-de-vie-jeune-chien","11":"pa_phase-de-vie-senior","12":"pa_phase-de-vie-chiot","13":"pa_taille-m","14":"pa_taille-s","15":"pa_type-de-besoin-activ","16":"pa_type-de-besoin-chien-de-familie","17":"pa_type-de-produit-trekking","18":"pa_type-de-produit-cani-rando","20":"first","21":"instock","22":"taxable","23":"shipping-taxable","24":"purchasable","25":"product-type-variable"},"_links":{"self":[{"href":"https:\/\/senas.ch\/de\/wp-json\/wp\/v2\/product\/4997","targetHints":{"allow":["GET"]}}],"collection":[{"href":"https:\/\/senas.ch\/de\/wp-json\/wp\/v2\/product"}],"about":[{"href":"https:\/\/senas.ch\/de\/wp-json\/wp\/v2\/types\/product"}],"replies":[{"embeddable":true,"href":"https:\/\/senas.ch\/de\/wp-json\/wp\/v2\/comments?post=4997"}],"wp:featuredmedia":[{"embeddable":true,"href":"https:\/\/senas.ch\/de\/wp-json\/wp\/v2\/media\/5006"}],"wp:attachment":[{"href":"https:\/\/senas.ch\/de\/wp-json\/wp\/v2\/media?parent=4997"}],"wp:term":[{"taxonomy":"product_brand","embeddable":true,"href":"https:\/\/senas.ch\/de\/wp-json\/wp\/v2\/product_brand?post=4997"},{"taxonomy":"product_cat","embeddable":true,"href":"https:\/\/senas.ch\/de\/wp-json\/wp\/v2\/product_cat?post=4997"},{"taxonomy":"product_tag","embeddable":true,"href":"https:\/\/senas.ch\/de\/wp-json\/wp\/v2\/product_tag?post=4997"}],"curies":[{"name":"wp","href":"https:\/\/api.w.org\/{rel}","templated":true}]}}